{"id":5918,"date":"2023-05-22T14:53:18","date_gmt":"2023-05-22T12:53:18","guid":{"rendered":"https:\/\/www.stadjutor.com\/minientreprise\/?page_id=5918"},"modified":"2024-09-03T10:13:02","modified_gmt":"2024-09-03T08:13:02","slug":"derniere-etape","status":"publish","type":"page","link":"https:\/\/www.stadjutor.com\/minientreprise\/derniere-etape","title":{"rendered":"CA &#8211; Derni\u00e8re \u00e9tape"},"content":{"rendered":"<p><div class=\"et_d4_element et_pb_section et_pb_section_0 et_pb_with_background  et_pb_css_mix_blend_mode et_section_regular section_has_divider et_pb_bottom_divider et_block_section\" >\n\t\t\t\t\n\t\t\t\t\n\t\t\t\t\n\t\t\t\t\n\t\t\t\t\n\t\t\t\t\n\t\t\t\t<div class=\"et_d4_element et_pb_row et_pb_row_0  et_pb_css_mix_blend_mode et_block_row\">\n\t\t\t\t<div class=\"et_d4_element et_pb_column_4_4 et_pb_column et_pb_column_0  et_pb_css_mix_blend_mode et-last-child et_block_column\">\n\t\t\t\t\n\t\t\t\t\n\t\t\t\t\n\t\t\t\t\n\t\t\t\t<div class=\"et_pb_module et_d4_element et_pb_text et_pb_text_0  et_pb_text_align_center et_pb_bg_layout_dark\">\n\t\t\t\t\n\t\t\t\t\n\t\t\t\t\n\t\t\t\t\n\t\t\t\t<div class=\"et_pb_text_inner\"><h1>Projet de l'ann\u00e9e<\/h1>\n<h3>D\u00e9couvrez le projet<\/h3><\/div>\n\t\t\t<\/div>\n\t\t\t<\/div>\n\t\t\t\t\n\t\t\t\t\n\t\t\t\t\n\t\t\t\t\n\t\t\t<\/div>\n\t\t\t\t\n\t\t\t\t<div class=\"et_pb_bottom_inside_divider et-no-transition\"><\/div>\n\t\t\t<\/div><div class=\"et_d4_element et_pb_section et_pb_section_1  et_pb_css_mix_blend_mode et_section_regular et_block_section\" >\n\t\t\t\t\n\t\t\t\t\n\t\t\t\t\n\t\t\t\t\n\t\t\t\t\n\t\t\t\t\n\t\t\t\t<div class=\"et_d4_element et_pb_row et_pb_row_1  et_pb_css_mix_blend_mode et_block_row\">\n\t\t\t\t<div class=\"et_d4_element et_pb_column_4_4 et_pb_column et_pb_column_1  et_pb_css_mix_blend_mode et-last-child et_block_column\">\n\t\t\t\t\n\t\t\t\t\n\t\t\t\t\n\t\t\t\t\n\t\t\t\t<div class=\"et_pb_module et_d4_element et_pb_text et_pb_text_1  et_pb_text_align_left et_pb_bg_layout_light\">\n\t\t\t\t\n\t\t\t\t\n\t\t\t\t\n\t\t\t\t\n\t\t\t\t<div class=\"et_pb_text_inner\"><h2 style=\"text-align: center;\"><strong>Une page se tourne chez la mini-entreprise..<\/strong><\/h2><\/div>\n\t\t\t<\/div>\n\t\t\t<\/div>\n\t\t\t\t\n\t\t\t\t\n\t\t\t\t\n\t\t\t\t\n\t\t\t<\/div><div class=\"et_d4_element et_pb_row et_pb_row_2  et_pb_css_mix_blend_mode et_block_row\">\n\t\t\t\t<div class=\"et_d4_element et_pb_column_4_4 et_pb_column et_pb_column_2  et_pb_css_mix_blend_mode et-last-child et_block_column\">\n\t\t\t\t\n\t\t\t\t\n\t\t\t\t\n\t\t\t\t\n\t\t\t\t<div class=\"et_pb_module et_d4_element et_pb_text et_pb_text_2  et_pb_text_align_left et_pb_bg_layout_light\">\n\t\t\t\t\n\t\t\t\t\n\t\t\t\t\n\t\t\t\t\n\t\t\t\t<div class=\"et_pb_text_inner\"><p>Nous y voil\u00e0, apr\u00e8s des mois de durs labeurs, de travaux et d'efforts mais aussi d'excitations, ce lundi 22 mai marque le clap de fin pour cette ann\u00e9e 2022-2023 pour l'\u00e9quipe de la mini-entreprise Concept'Art.<br \/>Mais avant de clore ce chapitre, petit retour en image de cette ann\u00e9e dense en projet !<\/p><\/div>\n\t\t\t<\/div>\n\t\t\t<\/div>\n\t\t\t\t\n\t\t\t\t\n\t\t\t\t\n\t\t\t\t\n\t\t\t<\/div><div class=\"et_d4_element et_pb_row et_pb_row_3  et_pb_css_mix_blend_mode et_block_row\">\n\t\t\t\t<div class=\"et_d4_element et_pb_column_1_2 et_pb_column et_pb_column_3  et_pb_css_mix_blend_mode et_block_column\">\n\t\t\t\t\n\t\t\t\t\n\t\t\t\t\n\t\t\t\t\n\t\t\t\t<div class=\"et_pb_module et_d4_element et_pb_text et_pb_text_3  et_pb_text_align_left et_pb_bg_layout_light\">\n\t\t\t\t\n\t\t\t\t\n\t\t\t\t\n\t\t\t\t\n\t\t\t\t<div class=\"et_pb_text_inner\"><h3><strong>Mise en place de l'organigramme et des \u00e9quipes<\/strong><\/h3>\n<p>Apr\u00e8s avoir pass\u00e9 des entretiens de motivation, chacun des \u00e9l\u00e8ves de la mini-entreprise se sont vus affect\u00e9 \u00e0 un secteur qu'ils occuperont toute l'ann\u00e9e allant de la finance, la production, l'administraif ou encore la relation client.<br \/>Et \u00e0 leurs t\u00eates, Ars\u00e8ne et B\u00e9ryl ont \u00e9t\u00e9 \u00e9lu respectivement PDG et co-PDG pour l'ann\u00e9e.<\/p><\/div>\n\t\t\t<\/div>\n\t\t\t<\/div><div class=\"et_d4_element et_pb_column_1_2 et_pb_column et_pb_column_4  et_pb_css_mix_blend_mode et-last-child et_block_column\">\n\t\t\t\t\n\t\t\t\t\n\t\t\t\t\n\t\t\t\t\n\t\t\t\t<div class=\"et_pb_module et_d4_element et_pb_image et_pb_image_0\">\n\t\t\t\t\n\t\t\t\t\n\t\t\t\t\n\t\t\t\t\n\t\t\t\t<a href=\"https:\/\/www.stadjutor.com\/minientreprise\/wp-content\/uploads\/sites\/3\/2023\/05\/organigramme-ME.png\" class=\"et_pb_lightbox_image\" title=\"\"><span class=\"et_pb_image_wrap \"><img loading=\"lazy\" decoding=\"async\" width=\"1055\" height=\"748\" src=\"https:\/\/www.stadjutor.com\/minientreprise\/wp-content\/uploads\/sites\/3\/2023\/05\/organigramme-ME.png\" alt=\"\" title=\"organigramme ME\" srcset=\"https:\/\/www.stadjutor.com\/minientreprise\/wp-content\/uploads\/sites\/3\/2023\/05\/organigramme-ME.png 1055w, https:\/\/www.stadjutor.com\/minientreprise\/wp-content\/uploads\/sites\/3\/2023\/05\/organigramme-ME-980x695.png 980w, https:\/\/www.stadjutor.com\/minientreprise\/wp-content\/uploads\/sites\/3\/2023\/05\/organigramme-ME-480x340.png 480w\" sizes=\"(min-width: 0px) and (max-width: 480px) 480px, (min-width: 481px) and (max-width: 980px) 980px, (min-width: 981px) 1055px, 100vw\" class=\"wp-image-5904\" \/><\/span><\/a>\n\t\t\t<\/div>\n\t\t\t<\/div>\n\t\t\t\t\n\t\t\t\t\n\t\t\t\t\n\t\t\t\t\n\t\t\t<\/div><div class=\"et_d4_element et_pb_row et_pb_row_4  et_pb_css_mix_blend_mode et_block_row\">\n\t\t\t\t<div class=\"et_d4_element et_pb_column_1_2 et_pb_column et_pb_column_5  et_pb_css_mix_blend_mode et_block_column\">\n\t\t\t\t\n\t\t\t\t\n\t\t\t\t\n\t\t\t\t\n\t\t\t\t<div class=\"et_pb_module et_d4_element et_pb_image et_pb_image_1\">\n\t\t\t\t\n\t\t\t\t\n\t\t\t\t\n\t\t\t\t\n\t\t\t\t<a href=\"https:\/\/www.stadjutor.com\/minientreprise\/wp-content\/uploads\/sites\/3\/2023\/05\/319308676_524410989663107_1384151151755566243_n-1.jpg\" class=\"et_pb_lightbox_image\" title=\"\"><span class=\"et_pb_image_wrap \"><img loading=\"lazy\" decoding=\"async\" width=\"1080\" height=\"1244\" src=\"https:\/\/www.stadjutor.com\/minientreprise\/wp-content\/uploads\/sites\/3\/2023\/05\/319308676_524410989663107_1384151151755566243_n-1.jpg\" alt=\"\" title=\"319308676_524410989663107_1384151151755566243_n (1)\" srcset=\"https:\/\/www.stadjutor.com\/minientreprise\/wp-content\/uploads\/sites\/3\/2023\/05\/319308676_524410989663107_1384151151755566243_n-1.jpg 1080w, https:\/\/www.stadjutor.com\/minientreprise\/wp-content\/uploads\/sites\/3\/2023\/05\/319308676_524410989663107_1384151151755566243_n-1-980x1129.jpg 980w, https:\/\/www.stadjutor.com\/minientreprise\/wp-content\/uploads\/sites\/3\/2023\/05\/319308676_524410989663107_1384151151755566243_n-1-480x553.jpg 480w\" sizes=\"(min-width: 0px) and (max-width: 480px) 480px, (min-width: 481px) and (max-width: 980px) 980px, (min-width: 981px) 1080px, 100vw\" class=\"wp-image-5922\" \/><\/span><\/a>\n\t\t\t<\/div>\n\t\t\t<\/div><div class=\"et_d4_element et_pb_column_1_2 et_pb_column et_pb_column_6  et_pb_css_mix_blend_mode et-last-child et_block_column\">\n\t\t\t\t\n\t\t\t\t\n\t\t\t\t\n\t\t\t\t\n\t\t\t\t<div class=\"et_pb_module et_d4_element et_pb_text et_pb_text_4  et_pb_text_align_left et_pb_bg_layout_light\">\n\t\t\t\t\n\t\t\t\t\n\t\t\t\t\n\t\t\t\t\n\t\t\t\t<div class=\"et_pb_text_inner\"><h3><strong>Le march\u00e9 de No\u00ebl 2022<\/strong><\/h3>\n<p>Le march\u00e9 de no\u00ebl fut le premier gros projet que l'\u00e9quipe de la mini-entreprise a d\u00fb pr\u00e9parer. Entre le montage du stand et assurer la vente de diff\u00e9rents produits \u00e0 tous types de clients, tout n'\u00e9tait pas de tout repos mais tout s'est tr\u00e8s bien d\u00e9roul\u00e9.<br \/>Avec la somme recolt\u00e9e durant ce march\u00e9, ils ont pu commncer \u00e0 travailler sur LE projet fil rouge de l'ann\u00e9e, celui qu'ils montreront lors de la foire expo de Rouen en 2023.<\/p><\/div>\n\t\t\t<\/div>\n\t\t\t<\/div>\n\t\t\t\t\n\t\t\t\t\n\t\t\t\t\n\t\t\t\t\n\t\t\t<\/div>\n\t\t\t\t\n\t\t\t\t\n\t\t\t<\/div><div class=\"et_d4_element et_pb_section et_pb_section_2 et_pb_with_background  et_pb_css_mix_blend_mode et_section_regular et_block_section\" >\n\t\t\t\t\n\t\t\t\t\n\t\t\t\t\n\t\t\t\t\n\t\t\t\t\n\t\t\t\t\n\t\t\t\t<div class=\"et_d4_element et_pb_row et_pb_row_5  et_pb_css_mix_blend_mode et_block_row\">\n\t\t\t\t<div class=\"et_d4_element et_pb_column_1_2 et_pb_column et_pb_column_7  et_pb_css_mix_blend_mode et_block_column\">\n\t\t\t\t\n\t\t\t\t\n\t\t\t\t\n\t\t\t\t\n\t\t\t\t<div class=\"et_pb_module et_d4_element et_pb_text et_pb_text_5  et_pb_text_align_center et_pb_bg_layout_light\">\n\t\t\t\t\n\t\t\t\t\n\t\t\t\t\n\t\t\t\t\n\t\t\t\t<div class=\"et_pb_text_inner\"><h3 style=\"text-align: justify;\"><strong>La foire expo de Rouen 2023<\/strong><\/h3>\n<p style=\"text-align: justify;\">Apr\u00e8s des mois de travaux s\u00e9rieux et de pr\u00e9parations, le grand jour \u00e9tait enfin arriv\u00e9 : l'\u00e9quipe de la mini-entreprise Concept'Art \u00e9tait en route pour la foire expo de Rouen. Il \u00e9tait maintenant l'heure de mettre en pratique tout ce qu'ils ont pu apprendre en cours que ce soit sur la vente, la relation client ou encore g\u00e9rer la machine de production comme il le fallait. Choses r\u00e9ussies, une journ\u00e9e qui s'est tr\u00e8s bien d\u00e9roul\u00e9e ainsi que d'autres stands qui ont pu \u00eatre d\u00e9couvert par la m\u00eame occasion.<\/p>\n<p style=\"text-align: justify;\">Et en prime \u00e0 la fin de la journ\u00e9e, l'\u00e9quipe s'est vue d\u00e9cern\u00e9e le label \u00e9galit\u00e9 entreprenariale !<\/p><\/div>\n\t\t\t<\/div>\n\t\t\t<\/div><div class=\"et_d4_element et_pb_column_1_2 et_pb_column et_pb_column_8  et_pb_css_mix_blend_mode et-last-child et_block_column\">\n\t\t\t\t\n\t\t\t\t\n\t\t\t\t\n\t\t\t\t\n\t\t\t\t<div class=\"et_pb_module et_d4_element et_pb_image et_pb_image_2\">\n\t\t\t\t\n\t\t\t\t\n\t\t\t\t\n\t\t\t\t\n\t\t\t\t<a href=\"https:\/\/www.stadjutor.com\/minientreprise\/wp-content\/uploads\/sites\/3\/2023\/04\/3.png\" class=\"et_pb_lightbox_image\" title=\"\"><span class=\"et_pb_image_wrap \"><img loading=\"lazy\" decoding=\"async\" width=\"1080\" height=\"1080\" src=\"https:\/\/www.stadjutor.com\/minientreprise\/wp-content\/uploads\/sites\/3\/2023\/04\/3.png\" alt=\"\" title=\"3\" srcset=\"https:\/\/www.stadjutor.com\/minientreprise\/wp-content\/uploads\/sites\/3\/2023\/04\/3.png 1080w, https:\/\/www.stadjutor.com\/minientreprise\/wp-content\/uploads\/sites\/3\/2023\/04\/3-980x980.png 980w, https:\/\/www.stadjutor.com\/minientreprise\/wp-content\/uploads\/sites\/3\/2023\/04\/3-480x480.png 480w\" sizes=\"(min-width: 0px) and (max-width: 480px) 480px, (min-width: 481px) and (max-width: 980px) 980px, (min-width: 981px) 1080px, 100vw\" class=\"wp-image-5897\" \/><\/span><\/a>\n\t\t\t<\/div>\n\t\t\t<\/div>\n\t\t\t\t\n\t\t\t\t\n\t\t\t\t\n\t\t\t\t\n\t\t\t<\/div><div class=\"et_d4_element et_pb_row et_pb_row_6  et_pb_css_mix_blend_mode et_block_row\">\n\t\t\t\t<div class=\"et_d4_element et_pb_column_1_2 et_pb_column et_pb_column_9  et_pb_css_mix_blend_mode et_block_column\">\n\t\t\t\t\n\t\t\t\t\n\t\t\t\t\n\t\t\t\t\n\t\t\t\t<div class=\"et_pb_module et_d4_element et_pb_image et_pb_image_3\">\n\t\t\t\t\n\t\t\t\t\n\t\t\t\t\n\t\t\t\t\n\t\t\t\t<a href=\"https:\/\/www.stadjutor.com\/minientreprise\/wp-content\/uploads\/sites\/3\/2023\/05\/img.jpg\" class=\"et_pb_lightbox_image\" title=\"\"><span class=\"et_pb_image_wrap \"><img loading=\"lazy\" decoding=\"async\" width=\"590\" height=\"390\" src=\"https:\/\/www.stadjutor.com\/minientreprise\/wp-content\/uploads\/sites\/3\/2023\/05\/img.jpg\" alt=\"\" title=\"img\" srcset=\"https:\/\/www.stadjutor.com\/minientreprise\/wp-content\/uploads\/sites\/3\/2023\/05\/img.jpg 590w, https:\/\/www.stadjutor.com\/minientreprise\/wp-content\/uploads\/sites\/3\/2023\/05\/img-480x317.jpg 480w\" sizes=\"(min-width: 0px) and (max-width: 480px) 480px, (min-width: 481px) 590px, 100vw\" class=\"wp-image-5914\" \/><\/span><\/a>\n\t\t\t<\/div>\n\t\t\t<\/div><div class=\"et_d4_element et_pb_column_1_2 et_pb_column et_pb_column_10  et_pb_css_mix_blend_mode et-last-child et_block_column\">\n\t\t\t\t\n\t\t\t\t\n\t\t\t\t\n\t\t\t\t\n\t\t\t\t<div class=\"et_pb_module et_d4_element et_pb_text et_pb_text_6  et_pb_text_align_left et_pb_bg_layout_light\">\n\t\t\t\t\n\t\t\t\t\n\t\t\t\t\n\t\t\t\t\n\t\t\t\t<div class=\"et_pb_text_inner\"><p><strong>Participation \u00e0 l'H\u00f4tel du D\u00e9partement \u00e0 \u00c9vreux<\/strong><\/p>\n<p>Il s'agissait du dernier voyage pour notre \u00e9quipe de la mini-entreprise. En parall\u00e8le de vendre les derniers produits qu'ils leur restaient, ils ont pu faire la rencontre de plusieurs personnes comme des photographes, des maires de l'Eure ou encore des interviewers !<\/p>\n<p>Ils ont aussi pu faire la rencontre de Mme le Doyen, vice-pr\u00e9sidente de la SPA de l'Eure, a qui la mini-entreprise avait d\u00e9cid\u00e9 de faire don de tous leurs b\u00e9n\u00e9fices .!<\/p><\/div>\n\t\t\t<\/div>\n\t\t\t<\/div>\n\t\t\t\t\n\t\t\t\t\n\t\t\t\t\n\t\t\t\t\n\t\t\t<\/div>\n\t\t\t\t\n\t\t\t\t\n\t\t\t<\/div><div class=\"et_d4_element et_pb_section et_pb_section_3  et_pb_css_mix_blend_mode et_section_regular et_block_section\" >\n\t\t\t\t\n\t\t\t\t\n\t\t\t\t\n\t\t\t\t\n\t\t\t\t\n\t\t\t\t\n\t\t\t\t<div class=\"et_d4_element et_pb_row et_pb_row_7  et_pb_css_mix_blend_mode et_block_row\">\n\t\t\t\t<div class=\"et_d4_element et_pb_column_4_4 et_pb_column et_pb_column_11  et_pb_css_mix_blend_mode et-last-child et_block_column\">\n\t\t\t\t\n\t\t\t\t\n\t\t\t\t\n\t\t\t\t\n\t\t\t\t<div class=\"et_pb_module et_d4_element et_pb_text et_pb_text_7  et_pb_text_align_left et_pb_bg_layout_light\">\n\t\t\t\t\n\t\t\t\t\n\t\t\t\t\n\t\t\t\t\n\t\t\t\t<div class=\"et_pb_text_inner\"><p>Et enfin pour finir cette ann\u00e9e en beaut\u00e9 et pour cette derni\u00e8re journ\u00e9e de la mini-entreprise, l'\u00e9quipe a organis\u00e9 en collaboration avec Scolarest, une c\u00e9r\u00e9monie de cl\u00f4ture afin de remercier tous ceux et toutes celles qui ont contribu\u00e9 au bon d\u00e9roulement de cette ann\u00e9e.<\/p>\n<p>\u00c9tant en pr\u00e9sence du directeur de Saint-Adjutor Mr. THOMASSIN, d'une r\u00e9pr\u00e9sentante de la SPA de l'Eure ainsi que de leurs professeurs et accompagnateurs, ils ont pu adresser un dernier mot de remerciement \u00e0 chacun de leurs camarades avant de prendre un petit-d\u00e9jeuner en bonne ambiance pour la fin de s\u00e9ance.<br \/>Exp\u00e9rience, entraide, cool ou encore magique ont \u00e9t\u00e9 quelques mots qui ont \u00e9t\u00e9 prononc\u00e9 lorsqu'on leur a demand\u00e9 de donner leur ressenti sur cette ann\u00e9e..<\/p>\n<p>Et afin de clore ce chapitre, nous aimerions remercier l'ensemble des \u00e9l\u00e8ves ayant particip\u00e9 au projet, leurs enseignants qui les ont accompagn\u00e9 du d\u00e9but \u00e0 la fin ainsi qu'\u00e0 <strong>EPA Normandie<\/strong>, Lucie et <span>Mr. Muszynski, pour leur \u00e9norme soutien et leur organisation !<\/span><\/p><\/div>\n\t\t\t<\/div><div class=\"et_pb_module et_d4_element et_pb_image et_pb_image_4\">\n\t\t\t\t\n\t\t\t\t\n\t\t\t\t\n\t\t\t\t\n\t\t\t\t<span class=\"et_pb_image_wrap \"><img loading=\"lazy\" decoding=\"async\" width=\"4032\" height=\"3024\" src=\"https:\/\/www.stadjutor.com\/minientreprise\/wp-content\/uploads\/sites\/3\/2023\/05\/IMG_1963.png\" alt=\"\" title=\"IMG_1963\" srcset=\"https:\/\/www.stadjutor.com\/minientreprise\/wp-content\/uploads\/sites\/3\/2023\/05\/IMG_1963.png 4032w, https:\/\/www.stadjutor.com\/minientreprise\/wp-content\/uploads\/sites\/3\/2023\/05\/IMG_1963-1280x960.png 1280w, https:\/\/www.stadjutor.com\/minientreprise\/wp-content\/uploads\/sites\/3\/2023\/05\/IMG_1963-980x735.png 980w, https:\/\/www.stadjutor.com\/minientreprise\/wp-content\/uploads\/sites\/3\/2023\/05\/IMG_1963-480x360.png 480w\" sizes=\"(min-width: 0px) and (max-width: 480px) 480px, (min-width: 481px) and (max-width: 980px) 980px, (min-width: 981px) and (max-width: 1280px) 1280px, (min-width: 1281px) 4032px, 100vw\" class=\"wp-image-5926\" \/><\/span>\n\t\t\t<\/div>\n\t\t\t<\/div>\n\t\t\t\t\n\t\t\t\t\n\t\t\t\t\n\t\t\t\t\n\t\t\t<\/div>\n\t\t\t\t\n\t\t\t\t\n\t\t\t<\/div><\/p>\n","protected":false},"excerpt":{"rendered":"","protected":false},"author":10,"featured_media":0,"parent":0,"menu_order":0,"comment_status":"closed","ping_status":"closed","template":"","meta":{"_et_pb_use_builder":"on","_et_pb_old_content":"","_et_gb_content_width":"","footnotes":""},"class_list":["post-5918","page","type-page","status-publish","hentry"],"_links":{"self":[{"href":"https:\/\/www.stadjutor.com\/minientreprise\/wp-json\/wp\/v2\/pages\/5918","targetHints":{"allow":["GET"]}}],"collection":[{"href":"https:\/\/www.stadjutor.com\/minientreprise\/wp-json\/wp\/v2\/pages"}],"about":[{"href":"https:\/\/www.stadjutor.com\/minientreprise\/wp-json\/wp\/v2\/types\/page"}],"author":[{"embeddable":true,"href":"https:\/\/www.stadjutor.com\/minientreprise\/wp-json\/wp\/v2\/users\/10"}],"replies":[{"embeddable":true,"href":"https:\/\/www.stadjutor.com\/minientreprise\/wp-json\/wp\/v2\/comments?post=5918"}],"version-history":[{"count":7,"href":"https:\/\/www.stadjutor.com\/minientreprise\/wp-json\/wp\/v2\/pages\/5918\/revisions"}],"predecessor-version":[{"id":6185,"href":"https:\/\/www.stadjutor.com\/minientreprise\/wp-json\/wp\/v2\/pages\/5918\/revisions\/6185"}],"wp:attachment":[{"href":"https:\/\/www.stadjutor.com\/minientreprise\/wp-json\/wp\/v2\/media?parent=5918"}],"curies":[{"name":"wp","href":"https:\/\/api.w.org\/{rel}","templated":true}]}}